{"id":55,"date":"2020-02-29T17:45:39","date_gmt":"2020-02-29T16:45:39","guid":{"rendered":"http:\/\/www.artis-lux.com\/?page_id=55"},"modified":"2021-01-28T12:44:45","modified_gmt":"2021-01-28T11:44:45","slug":"creation","status":"publish","type":"page","link":"https:\/\/www.artis-lux.com\/index.php\/creation\/","title":{"rendered":"Cr\u00e9ation sur mesure"},"content":{"rendered":"<div id=\"pl-gb55-69f5b18e82c92\"  class=\"panel-layout\" ><div id=\"pg-gb55-69f5b18e82c92-0\"  class=\"panel-grid panel-no-style\" ><div id=\"pgc-gb55-69f5b18e82c92-0-0\"  class=\"panel-grid-cell\" ><div id=\"panel-gb55-69f5b18e82c92-0-0-0\" class=\"so-panel widget widget_sow-editor panel-first-child panel-last-child\" data-index=\"0\" ><div\n\t\t\t\n\t\t\tclass=\"so-widget-sow-editor so-widget-sow-editor-base\"\n\t\t\t\n\t\t><h3 class=\"widget-title\">De la conception \u00e0 l&rsquo;installation finale<\/h3>\n<div class=\"siteorigin-widget-tinymce textwidget\">\n\t<hr \/>\n<p>Le vitrail vous permet de personnaliser votre int\u00e9rieur en lui donnant un v\u00e9ritable cachet, mais aussi d&rsquo;affirmer l&rsquo;image de votre entreprise avec une enseigne originale, de cr\u00e9er l&rsquo;ambiance que vous souhaitez r\u00e9server \u00e0 votre espace d&rsquo;accueil&#8230;<br \/>\nQue votre projet soit de style classique, contemporain, d&rsquo;inspiration XIII\u00e8me ou totalement d\u00e9cal\u00e9,\u00a0 nous sommes \u00e0 votre \u00e9coute et mettons notre savoir-faire \u00e0 votre disposition pour le concr\u00e9tiser.<\/p>\n<p><strong>La signature de notre atelier<\/strong><\/p>\n<p><span style=\"font-size: 1rem;\">Nous pouvons utiliser les techniques traditionnelles du vitrail mais aussi apporter une touche unique et innovante \u00e0 vos cr\u00e9ations gr\u00e2ce \u00e0 l&rsquo;insertion de pi\u00e8ces de verre thermoform\u00e9es par nos soins. En effet, cette technique permet d&rsquo;ajouter une autre dimension \u00e0 cette mati\u00e8re captivante, une fa\u00e7on de sculpter le verre et de jouer avec la lumi\u00e8re.\u00a0<span style=\"color: #800080;\"><a style=\"color: #800080;\" href=\"https:\/\/www.artis-lux.com\/wp-content\/uploads\/2021\/01\/ACDM4-1.jpg\" target=\"_blank\" rel=\"noopener\">(photo)<\/a><\/span><\/span><\/p>\n<p>&nbsp;<\/p>\n<\/div>\n<\/div><\/div><\/div><\/div><div id=\"pg-gb55-69f5b18e82c92-1\"  class=\"panel-grid panel-no-style\" ><div id=\"pgc-gb55-69f5b18e82c92-1-0\"  class=\"panel-grid-cell\" ><div id=\"panel-gb55-69f5b18e82c92-1-0-0\" class=\"so-panel widget widget_sow-image panel-first-child panel-last-child\" data-index=\"1\" ><div\n\t\t\t\n\t\t\tclass=\"so-widget-sow-image so-widget-sow-image-default-8b5b6f678277-55\"\n\t\t\t\n\t\t>\n<div class=\"sow-image-container\">\n\t\t<img \n\tsrc=\"https:\/\/www.artis-lux.com\/wp-content\/uploads\/2021\/01\/ArtisLux-cre\u0301ation-vitrail-scaled.jpg\" width=\"1706\" height=\"2560\" srcset=\"https:\/\/www.artis-lux.com\/wp-content\/uploads\/2021\/01\/ArtisLux-cre\u0301ation-vitrail-scaled.jpg 1706w, https:\/\/www.artis-lux.com\/wp-content\/uploads\/2021\/01\/ArtisLux-cre\u0301ation-vitrail-200x300.jpg 200w, https:\/\/www.artis-lux.com\/wp-content\/uploads\/2021\/01\/ArtisLux-cre\u0301ation-vitrail-683x1024.jpg 683w, https:\/\/www.artis-lux.com\/wp-content\/uploads\/2021\/01\/ArtisLux-cre\u0301ation-vitrail-768x1152.jpg 768w, https:\/\/www.artis-lux.com\/wp-content\/uploads\/2021\/01\/ArtisLux-cre\u0301ation-vitrail-1024x1536.jpg 1024w, https:\/\/www.artis-lux.com\/wp-content\/uploads\/2021\/01\/ArtisLux-cre\u0301ation-vitrail-1365x2048.jpg 1365w\" sizes=\"(max-width: 706px) 89vw, (max-width: 767px) 82vw, 740px\" title=\"ArtisLux cre\u0301ation vitrail\" alt=\"\" \t\tclass=\"so-widget-image\"\/>\n\t<\/div>\n\n<\/div><\/div><\/div><div id=\"pgc-gb55-69f5b18e82c92-1-1\"  class=\"panel-grid-cell\" ><div id=\"panel-gb55-69f5b18e82c92-1-1-0\" class=\"so-panel widget widget_sow-editor panel-first-child panel-last-child\" data-index=\"2\" ><div\n\t\t\t\n\t\t\tclass=\"so-widget-sow-editor so-widget-sow-editor-base\"\n\t\t\t\n\t\t>\n<div class=\"siteorigin-widget-tinymce textwidget\">\n\t<p>&nbsp;<\/p>\n<p style=\"padding-left: 40px;\"><strong>\u2022 <\/strong>Cr\u00e9ation compl\u00e8te ou ex\u00e9cution selon votre maquette<\/p>\n<p>&nbsp;<\/p>\n<p style=\"padding-left: 40px;\"><strong>\u2022 <\/strong>Insertion sur mesure\u00a0dans du double vitrage <span style=\"color: #800080;\"><a style=\"color: #800080;\" href=\"https:\/\/www.artis-lux.com\/wp-content\/uploads\/2021\/01\/DV-scaled.jpg\" target=\"_blank\" rel=\"noopener\">(photo)<\/a><\/span> , dans des menuiseries: portes, fen\u00eatres, impostes, brise-vues&#8230;<\/p>\n<p>&nbsp;<\/p>\n<p style=\"padding-left: 40px;\"><strong>\u2022 <\/strong>Architecture d&rsquo;int\u00e9rieure: verri\u00e8res, claustras, plafonniers, cages d&rsquo;escalier&#8230;<\/p>\n<p>&nbsp;<\/p>\n<p style=\"padding-left: 40px;\"><b style=\"font-size: 1rem;\">\u2022 <\/b><span style=\"font-size: 1rem;\">Cr\u00e9ation \u00e0 partir de vitraux anciens<\/span><\/p>\n<p style=\"padding-left: 40px;\">\n<p>&nbsp;<\/p>\n<\/div>\n<\/div><\/div><\/div><\/div><div id=\"pg-gb55-69f5b18e82c92-2\"  class=\"panel-grid panel-no-style\" ><div id=\"pgc-gb55-69f5b18e82c92-2-0\"  class=\"panel-grid-cell\" ><div id=\"panel-gb55-69f5b18e82c92-2-0-0\" class=\"so-panel widget widget_sow-editor panel-first-child panel-last-child\" data-index=\"3\" ><div\n\t\t\t\n\t\t\tclass=\"so-widget-sow-editor so-widget-sow-editor-base\"\n\t\t\t\n\t\t>\n<div class=\"siteorigin-widget-tinymce textwidget\">\n\t<p style=\"padding-left: 40px;\"><strong><br \/>\n\u2022<\/strong> Interventions sur la texture, l&rsquo;aspect et la mise en forme<br \/>\ndu verre par les techniques de:<\/p>\n<p style=\"padding-left: 80px;\">\u00b7 Thermoformage: modelage de nos bas-reliefs et conception de nos moules<\/p>\n<p style=\"padding-left: 80px;\">\u00b7 Gravure<\/p>\n<p style=\"padding-left: 80px;\">\u00b7 Peinture sur verre<\/p>\n<p style=\"padding-left: 80px;\">\u00b7 Sablage<\/p>\n<p style=\"padding-left: 80px;\">\u00b7 Fusing<\/p>\n<\/div>\n<\/div><\/div><\/div><div id=\"pgc-gb55-69f5b18e82c92-2-1\"  class=\"panel-grid-cell\" ><div id=\"panel-gb55-69f5b18e82c92-2-1-0\" class=\"so-panel widget widget_sow-image panel-first-child panel-last-child\" data-index=\"4\" ><div\n\t\t\t\n\t\t\tclass=\"so-widget-sow-image so-widget-sow-image-default-8b5b6f678277-55\"\n\t\t\t\n\t\t>\n<div class=\"sow-image-container\">\n\t\t<img \n\tsrc=\"https:\/\/www.artis-lux.com\/wp-content\/uploads\/2021\/01\/ArtisLux-cre\u0301ation-1.jpg\" width=\"2025\" height=\"2225\" srcset=\"https:\/\/www.artis-lux.com\/wp-content\/uploads\/2021\/01\/ArtisLux-cre\u0301ation-1.jpg 2025w, https:\/\/www.artis-lux.com\/wp-content\/uploads\/2021\/01\/ArtisLux-cre\u0301ation-1-273x300.jpg 273w, https:\/\/www.artis-lux.com\/wp-content\/uploads\/2021\/01\/ArtisLux-cre\u0301ation-1-932x1024.jpg 932w, https:\/\/www.artis-lux.com\/wp-content\/uploads\/2021\/01\/ArtisLux-cre\u0301ation-1-768x844.jpg 768w, https:\/\/www.artis-lux.com\/wp-content\/uploads\/2021\/01\/ArtisLux-cre\u0301ation-1-1398x1536.jpg 1398w, https:\/\/www.artis-lux.com\/wp-content\/uploads\/2021\/01\/ArtisLux-cre\u0301ation-1-1864x2048.jpg 1864w\" sizes=\"(max-width: 706px) 89vw, (max-width: 767px) 82vw, 740px\" title=\"ArtisLux cre\u0301ation\" alt=\"\" \t\tclass=\"so-widget-image\"\/>\n\t<\/div>\n\n<\/div><\/div><\/div><\/div><\/div>\n\n\n<p><\/p>\n","protected":false},"excerpt":{"rendered":"<p>Le vitrail vous permet de personnaliser votre int\u00e9rieur en lui donnant un v\u00e9ritable cachet, mais aussi d&rsquo;affirmer l&rsquo;image de votre entreprise avec une enseigne originale, de cr\u00e9er l&rsquo;ambiance que vous souhaitez r\u00e9server \u00e0 votre espace d&rsquo;accueil&#8230; Que votre projet soit de style classique, contemporain, d&rsquo;inspiration XIII\u00e8me ou totalement d\u00e9cal\u00e9,\u00a0 nous sommes \u00e0 votre \u00e9coute et &hellip; <\/p>\n<p class=\"link-more\"><a href=\"https:\/\/www.artis-lux.com\/index.php\/creation\/\" class=\"more-link\">Continuer la lecture<span class=\"screen-reader-text\"> de &laquo;&nbsp;Cr\u00e9ation sur mesure&nbsp;&raquo;<\/span><\/a><\/p>\n","protected":false},"author":1,"featured_media":0,"parent":0,"menu_order":0,"comment_status":"closed","ping_status":"closed","template":"","meta":{"footnotes":""},"class_list":["post-55","page","type-page","status-publish","hentry"],"_links":{"self":[{"href":"https:\/\/www.artis-lux.com\/index.php\/wp-json\/wp\/v2\/pages\/55","targetHints":{"allow":["GET"]}}],"collection":[{"href":"https:\/\/www.artis-lux.com\/index.php\/wp-json\/wp\/v2\/pages"}],"about":[{"href":"https:\/\/www.artis-lux.com\/index.php\/wp-json\/wp\/v2\/types\/page"}],"author":[{"embeddable":true,"href":"https:\/\/www.artis-lux.com\/index.php\/wp-json\/wp\/v2\/users\/1"}],"replies":[{"embeddable":true,"href":"https:\/\/www.artis-lux.com\/index.php\/wp-json\/wp\/v2\/comments?post=55"}],"version-history":[{"count":125,"href":"https:\/\/www.artis-lux.com\/index.php\/wp-json\/wp\/v2\/pages\/55\/revisions"}],"predecessor-version":[{"id":906,"href":"https:\/\/www.artis-lux.com\/index.php\/wp-json\/wp\/v2\/pages\/55\/revisions\/906"}],"wp:attachment":[{"href":"https:\/\/www.artis-lux.com\/index.php\/wp-json\/wp\/v2\/media?parent=55"}],"curies":[{"name":"wp","href":"https:\/\/api.w.org\/{rel}","templated":true}]}}