{"id":169,"date":"2020-03-03T15:27:52","date_gmt":"2020-03-03T14:27:52","guid":{"rendered":"http:\/\/www.artis-lux.com\/?page_id=169"},"modified":"2025-12-17T14:18:31","modified_gmt":"2025-12-17T13:18:31","slug":"references","status":"publish","type":"page","link":"https:\/\/www.artis-lux.com\/index.php\/references\/","title":{"rendered":"R\u00e9alisations"},"content":{"rendered":"<div id=\"pl-gb169-69f5da0a8f79b\"  class=\"panel-layout\" ><div id=\"pg-gb169-69f5da0a8f79b-0\"  class=\"panel-grid panel-no-style\" ><div id=\"pgc-gb169-69f5da0a8f79b-0-0\"  class=\"panel-grid-cell\" ><div id=\"panel-gb169-69f5da0a8f79b-0-0-0\" class=\"so-panel widget widget_sow-editor panel-first-child panel-last-child\" data-index=\"0\" ><div\n\t\t\t\n\t\t\tclass=\"so-widget-sow-editor so-widget-sow-editor-base\"\n\t\t\t\n\t\t>\n<div class=\"siteorigin-widget-tinymce textwidget\">\n\t<p><span style=\"color: #000000;\"><strong>2025<\/strong><\/span><\/p>\n<p><strong>Limoges (87) &#8211; Particulier<\/strong><br \/>\nCr\u00e9ati<span style=\"font-size: 1rem;\">on de 4 vitraux en imposte en sur-vitrage (verre souffl\u00e9 artisanal, verre industriel textur\u00e9)\u00a0<\/span><\/p>\n<p><strong>Cr\u00e9ation pour l&rsquo;exposition \u00ab\u00a0Savoir-faire moderne: Feux crois\u00e9s\u00a0\u00bb &#8211; \u00ab\u00a0Ivoire\u00a0\u00bb<br \/>\nGalerie des Hospices &#8211; Limoges (87)<br \/>\n<\/strong>Vitrail d&rsquo;art d\u00e9coratif sur pied, pi\u00e8ces uniques en verre incolore thermoform\u00e9es, sabl\u00e9es, miroir dor\u00e9, pi\u00e8ces de biscuit de \u00a0porcelaine \u00a0(1,25 x 0,40m)<\/p>\n<p><strong>Limoges (87) &#8211; Particulier<\/strong><br \/>\nCr\u00e9ati<span style=\"font-size: 1rem;\">on carte blanche sur le th\u00e8me de l&rsquo;Art D\u00e9co pour un ensemble de vitraux en sur-vitrage (verre souffl\u00e9 artisanal, verre industriel, miroir dor\u00e9) &#8211; 4m2<\/span><\/p>\n<p><strong>Beynac (87) &#8211; Particulier<\/strong><br \/>\nCr\u00e9ati<span style=\"font-size: 1rem;\">on de 2 vitraux contemporains g\u00e9om\u00e9triques d&rsquo;apr\u00e8s le carton du client avec insertion dans double vitrage<\/span><\/p>\n<p><strong>Bordeaux (33) &#8211; Particulier<br \/>\n<\/strong>Restauration verri\u00e8re constitu\u00e9e de 24 vitraux peints (\u00e9maux, grisaille) d\u00e9but XX\u00e8me &#8211; 5,30m2<\/p>\n<p><strong>Symphorien sur Coupe (87) &#8211; Particulier<\/strong><br \/>\nCr\u00e9ati<span style=\"font-size: 1rem;\">on d&rsquo;un vitrail floral en verres souffl\u00e9s de la verrerie de St Just avec insertion dans double vitrage &#8211; 0,90m2<\/span><\/p>\n<p><strong>Bordeaux (33) &#8211; Particulier<br \/>\n<\/strong>Restauration vitrail g\u00e9om\u00e9trique peint (\u00e9maux relief) sign\u00e9 \u00a0\u00ab\u00a0E.Chauffrey\u00a0\u00bb \u00a0 &#8211; 0,95m2<\/p>\n<p><strong>Cr\u00e9ation &#8211; Emerald &#8211; <em>(vendue)<\/em><br \/>\n<\/strong>Vitrail d&rsquo;art d\u00e9coratif sur pied, pi\u00e8ces uniques thermoform\u00e9es, miroir dor\u00e9, verres souffl\u00e9s<br \/>\n(1,65 x 0,38 m)<\/p>\n<p><strong>Abbaye royale de la R\u00e9au (86) &#8211; Particulier<\/strong><br \/>\n<em>Pour les Ateliers Verre Jade<\/em><br \/>\nCr\u00e9ation de 6 baies plein cintre losanges &#8211; 12m2<\/p>\n<p><strong>Salon-La-Tour (19) &#8211; Particulier<br \/>\n<\/strong>D\u00e9pose, restauration et repose baie g\u00e9min\u00e9e histori\u00e9e et baie ornementale XIX\u00e8me chapelle d&rsquo;un ch\u00e2teau priv\u00e9 &#8211; 6m2<\/p>\n<p>&nbsp;<\/p>\n<p><span style=\"color: #000000;\"><strong>2024<\/strong><\/span><\/p>\n<hr \/>\n<p><strong>Salon-La-Tour (19) &#8211; Particulier<br \/>\n<\/strong>D\u00e9pose baie g\u00e9min\u00e9e histori\u00e9e et baie ornementale XIX\u00e8me chapelle d&rsquo;un ch\u00e2teau priv\u00e9<\/p>\n<p><strong>Archiac (17) &#8211; Particulier<br \/>\n<\/strong>Restauration vitrail floral peint \u00ab\u00a0L\u00e9on Delmas &#8211; 1913\u00a0\u00bb (grisaille, jaune d&rsquo;argent, \u00e9maux) &#8211; 1,7m\u00b2 <a href=\"https:\/\/www.artis-lux.com\/wp-content\/uploads\/2025\/01\/ArtisLuxrestauration27.jpg\"><span style=\"color: #800080;\">photo<\/span><\/a><\/p>\n<p><strong>Limoges (87) &#8211; Particulier<br \/>\n<\/strong>Restauration, redimension et insertion dans double-vitrage de 12 vitraux classiques g\u00e9om\u00e9triques\u00a0<span style=\"color: #800080;\"><a style=\"color: #800080;\" href=\"https:\/\/www.artis-lux.com\/wp-content\/uploads\/2024\/08\/ArtisLuxrestauration10-2.jpg\">photo<\/a><\/span><\/p>\n<p><strong>Limoges ( 87) &#8211; Chapelle Saint-Martial<\/strong><br \/>\nCr\u00e9ation, r\u00e9alisation et pose de 3 vitraux losang\u00e9s pour les baies du choeur en verre souffl\u00e9 artisanal, avec insertion croix byzantine baie centrale (4,5m\u00b2)\u00a0<a href=\"https:\/\/www.artis-lux.com\/wp-content\/uploads\/2024\/07\/ArtisLuxcreation9-2.jpg\"><span style=\"color: #800080;\">photo<\/span><\/a><\/p>\n<p><strong>Limoges (87) &#8211; Particulier<br \/>\n<\/strong>Restauration de 2 impostes\u00a0 et cr\u00e9ation de 2 vitraux sertis dans ouvrants m\u00e9talliques sur une porte d&rsquo;entr\u00e9e\u00a0<a href=\"https:\/\/www.artis-lux.com\/wp-content\/uploads\/2024\/07\/ArtisLux2.jpg\"><span style=\"color: #800080;\">photo<\/span><\/a><\/p>\n<p><strong>Bussi\u00e8re Boffy (87) &#8211; Particulier<br \/>\n<\/strong>Cr\u00e9ation, r\u00e9alisation sur mesure et pose de 2 vitraux pour insertion dans une ferme de charpente\u00a0<span style=\"color: #800080;\"><a style=\"color: #800080;\" href=\"https:\/\/www.artis-lux.com\/wp-content\/uploads\/2024\/07\/ArtisLuxcreation9-1.jpg\">photo<\/a><\/span><\/p>\n<p>&nbsp;<\/p>\n<p><span style=\"color: #000000;\"><strong>2023<\/strong><\/span><\/p>\n<hr \/>\n<p><strong>Veyrac (87) &#8211; Particulier<br \/>\n<\/strong>Cr\u00e9ation et r\u00e9alisation vitrail ornemental ins\u00e9r\u00e9 dans un double vitrage<span style=\"color: #800080;\">\u00a0<\/span><a href=\"https:\/\/www.artis-lux.com\/wp-content\/uploads\/2024\/07\/Coutyfinal2.jpg\"><span style=\"color: #800080;\">photo<\/span><\/a><\/p>\n<p><strong>Ambazac (87) &#8211; Eglise Saint-Antoine<\/strong><br \/>\n<em>Pour l&rsquo;atelier M Vitrail<\/em><strong><br \/>\n<\/strong>R\u00e9alisation et pose de raquettes de protection,\u00a0 nettoyage in situ baies A et B. D\u00e9pose baie 1, cr\u00e9ation, r\u00e9alisation et pose d&rsquo;un vitrail neuf baie 1.<br \/>\nD\u00e9pose, restauration et repose baie 0 g\u00e9min\u00e9e histori\u00e9e XIX\u00e8me\u00a0<a href=\"https:\/\/www.artis-lux.com\/wp-content\/uploads\/2024\/08\/ArtisLuxrestauration12-1.jpg\"><span style=\"color: #800080;\">photo<\/span><\/a><\/p>\n<p><strong>St L\u00e9ger La Montagne (87) &#8211; Particulier<\/strong><br \/>\nR\u00e9alisation et pose vitrail peint + technique fusing en collaboration avec Isabelle Mathis, \u00e9mailleuse d&rsquo;art sur m\u00e9taux\u00a0<a href=\"https:\/\/www.artis-lux.com\/wp-content\/uploads\/2024\/07\/ArtisLuxcreation4-3.jpg\"><span style=\"color: #800080;\">photo<\/span><\/a><\/p>\n<p><strong>Budeli\u00e8re (23) &#8211; Eglise Saint-Gaudens<\/strong><br \/>\nD\u00e9pose, restauration et repose baies 0, 2, 5 et 7 (vitraux peints ornementaux et histori\u00e9 fin XIX\u00e8me)\u00a0<a href=\"https:\/\/www.artis-lux.com\/wp-content\/uploads\/2024\/07\/ArtisLuxrestauration12.jpg\"><span style=\"color: #800080;\">photo<\/span><\/a><\/p>\n<p><strong>Reterre (23) &#8211; Eglise<\/strong><br \/>\nD\u00e9pose, restauration et repose vitrail ornemental peint \u00ab\u00a0F.Chigot &#8211; Limoges\u00a0\u00bb XX\u00e8me\u00a0<a href=\"https:\/\/www.artis-lux.com\/wp-content\/uploads\/2024\/07\/ArtisLuxrestauration9.jpg\"><span style=\"color: #800080;\">photo<\/span><\/a><\/p>\n<p><strong>Pompadour (19) &#8211; Particulier<\/strong><br \/>\nCr\u00e9ation et r\u00e9alisation\u00a0 de vitraux losang\u00e9s en verre artisanal ins\u00e9r\u00e9s dans mobilier sur mesure\u00a0<a href=\"https:\/\/www.artis-lux.com\/wp-content\/uploads\/2024\/07\/ArtisLuxcreation6-2.jpg\"><span style=\"color: #800080;\">photo<\/span><\/a><\/p>\n<p>&nbsp;<\/p>\n<p><span style=\"color: #000000;\"><strong>2022<\/strong><\/span><\/p>\n<hr \/>\n<p><strong>Peyrat de Bellac (87) &#8211; Antiquit\u00e9s Brocante H Ritter<\/strong><br \/>\nRestauration d&rsquo;une rosace et modification du m\u00e9daillon central , XX\u00e8me\u00a0<a href=\"https:\/\/www.artis-lux.com\/wp-content\/uploads\/2024\/07\/ArtisLuxrestauration6.jpg\"><span style=\"color: #800080;\">photo<\/span><\/a><\/p>\n<p><strong>Beynac (87) &#8211; Particulier<\/strong><br \/>\nCr\u00e9ation &#8211; Vitraux contemporains en imposte d&rsquo;apr\u00e8s le dessin du client\u00a0<a href=\"https:\/\/www.artis-lux.com\/wp-content\/uploads\/2024\/07\/ArtisLuxcreation4-1.jpg\"><span style=\"color: #800080;\">photo<\/span><\/a><\/p>\n<p><strong>Limoges (87) &#8211; Particulier<\/strong><br \/>\nRestauration et modification de la composition &#8211; 26 panneaux peints, XX\u00e8me<\/p>\n<p><strong>Verneuil sur Vienne (87) &#8211; Particulier<\/strong><br \/>\n<em>En collaboration avec Corymbe Architecture et Paysage<\/em><br \/>\nCr\u00e9ation &#8211; Vitraux contemporains en imposte\u00a0<a href=\"https:\/\/www.artis-lux.com\/wp-content\/uploads\/2024\/07\/ArtisLuxcreation7.jpg\"><span style=\"color: #800080;\">photo<\/span><\/a><\/p>\n<p><strong>Mervent (85) &#8211; Ch\u00e2teau de la Citardi\u00e8re\u00a0<\/strong><br \/>\n<em>En collaboration avec les Ateliers Verre Jade<\/em><br \/>\nCr\u00e9ation &#8211; 14 panneaux de vitrerie g\u00e9om\u00e9trique (rectangles) <a href=\"https:\/\/www.artis-lux.com\/wp-content\/uploads\/2022\/04\/Citardie\u0300remenuiserie2.jpg\"><span style=\"color: #800080;\">photo<\/span><\/a><\/p>\n<p><strong>Lavoux (86) &#8211; Chapelle du ch\u00e2teau de la Brosse<\/strong><br \/>\n<em>En collaboration avec les Ateliers Verre Jade<\/em><br \/>\nRestauration &#8211; 3 baies (grisailles, Gu\u00e9rithault \u00e0 Poitiers) fin XIX\u00e8me <a href=\"https:\/\/www.artis-lux.com\/wp-content\/uploads\/2024\/07\/ArtisLuxchapelle8.jpg\"><span style=\"color: #800080;\">photo<\/span><\/a><\/p>\n<p><span style=\"color: #000000;\"><strong>2021<\/strong><\/span><\/p>\n<hr \/>\n<p><strong>La Villedieu du Clain (86) &#8211; Eglise Saint-Jean-Baptiste<\/strong><br \/>\n<em>Pour les Ateliers Verre Jade<\/em><br \/>\nRestauration et modification de la composition &#8211; Baie 100, losang\u00e9s fin XX\u00e8me <a href=\"https:\/\/www.artis-lux.com\/wp-content\/uploads\/2021\/10\/Villedieubaie.jpg\"><span style=\"color: #800080;\">photo <\/span><\/a><\/p>\n<p><strong>Chef-Boutonne (79) &#8211; Ch\u00e2teau de Javarzay<\/strong><br \/>\n<em>En collaboration avec les Ateliers Verre Jade<\/em><br \/>\nCr\u00e9ation &#8211; 2 baies de la chapelle, losang\u00e9s et m\u00e9daillons h\u00e9raldiques <a href=\"https:\/\/www.artis-lux.com\/wp-content\/uploads\/2021\/10\/Javarzay9.jpg\"><span style=\"color: #800080;\">photo<\/span><\/a><\/p>\n<p><strong>Doussay (86) &#8211; Eglise Saint-Martin<\/strong><br \/>\n<em>Pour les Ateliers Verre Jade<\/em><br \/>\nCr\u00e9ation &#8211; 2 baies, losang\u00e9s \u00e0 filets p\u00e9riph\u00e9riques<\/p>\n<p><strong>Cr\u00e9ation prototype<\/strong><br \/>\nVitrail r\u00e9tro-\u00e9clair\u00e9 ins\u00e9r\u00e9 dans un caisson en m\u00e9tal <span style=\"color: #800080;\"><a style=\"color: #800080;\" href=\"https:\/\/www.artis-lux.com\/wp-content\/uploads\/2022\/02\/PM9.jpg\" target=\"_blank\" rel=\"noopener\">photo<\/a><\/span><\/p>\n<p><span style=\"color: #000000;\"><strong>2020<\/strong><\/span><\/p>\n<hr \/>\n<p><strong>Limoges (87) &#8211; Particulier<\/strong><br \/>\nRestauration &#8211; 2 m\u00e9daillons peints XIX\u00e8me <span style=\"color: #800080;\"><a style=\"color: #800080;\" href=\"https:\/\/www.artis-lux.com\/wp-content\/uploads\/2021\/01\/RESTM6.jpg\" target=\"_blank\" rel=\"noopener\">photo<\/a><\/span><\/p>\n<p><strong>Saint-Savin (86) &#8211; Abbaye de Saint-Savin<\/strong><br \/>\n<em>Pour les Ateliers Verre Jade<\/em><br \/>\nCr\u00e9ation &#8211; 4 baies et 1 oculus, vitrerie g\u00e9om\u00e9trique d\u00e9but XX\u00e8me<\/p>\n<p><strong>Limoges (87) &#8211; Particulier<\/strong><br \/>\nCr\u00e9ation et modification de la composition &#8211; Vitrail peint XIX\u00e8me <span style=\"color: #800080;\"><a style=\"color: #800080;\" href=\"https:\/\/www.artis-lux.com\/wp-content\/uploads\/2021\/01\/CREAB5.jpg\" target=\"_blank\" rel=\"noopener\">photo<\/a><\/span><\/p>\n<p><strong>Limoges (87) &#8211; Presbyt\u00e8re Saint-Michel<\/strong><br \/>\nRestauration &#8211; 2 vitraux peints d\u00e9but XX\u00e8me <span style=\"color: #800080;\"><a style=\"color: #800080;\" href=\"https:\/\/www.artis-lux.com\/wp-content\/uploads\/2021\/01\/RESTP9.jpg\" target=\"_blank\" rel=\"noopener\">photo\u00a0<\/a><\/span><\/p>\n<p><strong>Panazol (87) &#8211; Eglise Saint-Pierre-\u00e8s-Liens<\/strong><br \/>\n<em>En collaboration avec Atelier Guinot<\/em><br \/>\nRestauration et modification &#8211; Base de 3 panneaux pour cr\u00e9ation de rejingots, fin XIX\u00e8me <span style=\"color: #800080;\"><a style=\"color: #800080;\" href=\"https:\/\/www.artis-lux.com\/wp-content\/uploads\/2021\/01\/EPAN3-1.jpg\" target=\"_blank\" rel=\"noopener\">photo<\/a><\/span><\/p>\n<p><span style=\"color: #000000;\"><strong>2019<\/strong><\/span><\/p>\n<hr \/>\n<p><strong>Atelier VerreJade stage,\u00a0 Fr\u00e9d\u00e9ric Pivet &#8211; Morthemer (86)<br \/>\n<\/strong><strong>\u22c5 <\/strong>Participation restauration vitraux XVIII\u00e8me\/XIX\u00e8me Chapelle royale de Versailles (78)<br \/>\n<strong>\u22c5<\/strong> Participation restauration vitraux 16\u00e8me, ch\u00e2teau de Dissay (86)<br \/>\n<strong>\u22c5<\/strong> R\u00e9alisation vitraux \u00e9glise Notre Dame &#8211; Mouterre Silly (86)<\/p>\n<p><strong>Cr\u00e9ation<br \/>\n<\/strong><strong>\u22c5<\/strong> Cr\u00e9ation par C\u00e9cile Gonzales pour le label de musique Debemur Morti Productions<\/p>\n<p><strong>Atelier Verre et Vitrail Clotilde Gontel stage &#8211; Aubais (30)<br \/>\n<\/strong><strong>\u22c5<\/strong> R\u00e9alisation vitrail contemporain pour habitation priv\u00e9e &#8211; N\u00eemes (30)\u00a0<span style=\"color: #800080;\"><a style=\"color: #800080;\" href=\"https:\/\/www.artis-lux.com\/wp-content\/uploads\/2021\/01\/Vitrail-contemporain-maquette-Clotilde-Gontel-re\u0301alisation-Artis-Lux.jpg\" target=\"_blank\" rel=\"noopener\">photo<\/a><\/span><\/p>\n<p><strong>Atelier Guinot &#8211; Limoges (87)<br \/>\n<\/strong><strong>\u22c5<\/strong> Restauration vitraux XIX\u00e8me, \u00e9glise St Sulpice &#8211; Ladapeyre (23)<br \/>\n<strong>\u22c5<\/strong> Restauration vitraux XIX\u00e8me, repose \u00e9glise St Martin &#8211; Br\u00fblain (79) <span style=\"color: #800080;\"><a style=\"color: #800080;\" href=\"https:\/\/www.artis-lux.com\/wp-content\/uploads\/2020\/03\/Chantier-Pose-39-scaled.jpg\" target=\"_blank\" rel=\"noopener\">photo\u00a0<\/a><br \/>\n<\/span><strong>\u22c5<\/strong> Reproduction pi\u00e8ces XIX\u00e8me,\u00a0 \u00e9glise de St Merd la Breuille (23)<\/p>\n<p>&nbsp;<\/p>\n<p><strong>2018<\/strong><\/p>\n<hr \/>\n<p><strong>Atelier Guinot &#8211; Limoges (87)<br \/>\n<\/strong><strong>\u22c5<\/strong> D\u00e9pose, restauration vitraux XIX\u00e8me, cr\u00e9ation, repose \u00e9glise St Maurice &#8211; St Maurice La Souterraine (23) <span style=\"color: #800080;\"><a style=\"color: #800080;\" href=\"https:\/\/www.artis-lux.com\/wp-content\/uploads\/2020\/03\/vitrail-haut-repose-scaled.jpg\" target=\"_blank\" rel=\"noopener\">photo <\/a><br \/>\n<\/span><strong>\u22c5<\/strong> R\u00e9alisation de 3 m\u00e9daillons style XIII\u00e8me pour chapelle priv\u00e9e de la Gasne &#8211;\u00a0 Bellac (87) <span style=\"color: #800080;\"><a style=\"color: #800080;\" href=\"https:\/\/www.artis-lux.com\/wp-content\/uploads\/2021\/01\/20181004_102041-scaled-e1611588857329.jpg\" target=\"_blank\" rel=\"noopener\">photo <\/a><br \/>\n<\/span><strong>\u22c5<\/strong> R\u00e9alisation de raquettes de protection en cuivre, \u00e9glise St Georges Nigremont (23)<\/p>\n<p>&nbsp;<\/p>\n<p><strong>2017<\/strong><\/p>\n<hr \/>\n<p><strong>Atelier Guinot &#8211; Limoges (87)<br \/>\n<\/strong><strong>\u22c5<\/strong> Repose imposte XIX\u00e8me chapelle priv\u00e9e, Le Dorat (87) <span style=\"color: #800080;\"><a style=\"color: #800080;\" href=\"https:\/\/www.artis-lux.com\/wp-content\/uploads\/2021\/01\/Artis-Lux-restauration-vitrail-scaled.jpg\" target=\"_blank\" rel=\"noopener\">photo\u00a0<\/a><br \/>\n<\/span><strong>\u22c5<\/strong> Restauration vitrail XIX\u00e8me ch\u00e2teau du Chalard &#8211; (87)<\/p>\n<\/div>\n<\/div><\/div><\/div><\/div><\/div>","protected":false},"excerpt":{"rendered":"<p>2025 Limoges (87) &#8211; Particulier Cr\u00e9ation de 4 vitraux en imposte en sur-vitrage (verre souffl\u00e9 artisanal, verre industriel textur\u00e9)\u00a0 Cr\u00e9ation pour l&rsquo;exposition \u00ab\u00a0Savoir-faire moderne: Feux crois\u00e9s\u00a0\u00bb &#8211; \u00ab\u00a0Ivoire\u00a0\u00bb Galerie des Hospices &#8211; Limoges (87) Vitrail d&rsquo;art d\u00e9coratif sur pied, pi\u00e8ces uniques en verre incolore thermoform\u00e9es, sabl\u00e9es, miroir dor\u00e9, pi\u00e8ces de biscuit de \u00a0porcelaine \u00a0(1,25 x &hellip; <\/p>\n<p class=\"link-more\"><a href=\"https:\/\/www.artis-lux.com\/index.php\/references\/\" class=\"more-link\">Continuer la lecture<span class=\"screen-reader-text\"> de &laquo;&nbsp;R\u00e9alisations&nbsp;&raquo;<\/span><\/a><\/p>\n","protected":false},"author":1,"featured_media":0,"parent":0,"menu_order":0,"comment_status":"closed","ping_status":"closed","template":"","meta":{"footnotes":""},"class_list":["post-169","page","type-page","status-publish","hentry"],"_links":{"self":[{"href":"https:\/\/www.artis-lux.com\/index.php\/wp-json\/wp\/v2\/pages\/169","targetHints":{"allow":["GET"]}}],"collection":[{"href":"https:\/\/www.artis-lux.com\/index.php\/wp-json\/wp\/v2\/pages"}],"about":[{"href":"https:\/\/www.artis-lux.com\/index.php\/wp-json\/wp\/v2\/types\/page"}],"author":[{"embeddable":true,"href":"https:\/\/www.artis-lux.com\/index.php\/wp-json\/wp\/v2\/users\/1"}],"replies":[{"embeddable":true,"href":"https:\/\/www.artis-lux.com\/index.php\/wp-json\/wp\/v2\/comments?post=169"}],"version-history":[{"count":111,"href":"https:\/\/www.artis-lux.com\/index.php\/wp-json\/wp\/v2\/pages\/169\/revisions"}],"predecessor-version":[{"id":1450,"href":"https:\/\/www.artis-lux.com\/index.php\/wp-json\/wp\/v2\/pages\/169\/revisions\/1450"}],"wp:attachment":[{"href":"https:\/\/www.artis-lux.com\/index.php\/wp-json\/wp\/v2\/media?parent=169"}],"curies":[{"name":"wp","href":"https:\/\/api.w.org\/{rel}","templated":true}]}}